{"id":341,"date":"2024-11-05T09:32:24","date_gmt":"2024-11-05T08:32:24","guid":{"rendered":"https:\/\/www.ruthrighetti.ch\/cms\/?page_id=341"},"modified":"2024-11-05T10:29:13","modified_gmt":"2024-11-05T09:29:13","slug":"datenschutzerklaerung","status":"publish","type":"page","link":"https:\/\/www.ruthrighetti.ch\/cms\/datenschutzerklaerung\/","title":{"rendered":"Datenschutzerkl\u00e4rung"},"content":{"rendered":"\t\t<div data-elementor-type=\"wp-page\" data-elementor-id=\"341\" class=\"elementor elementor-341\">\n\t\t\t\t<div class=\"elementor-element elementor-element-28c311e6 e-flex e-con-boxed e-con e-parent\" data-id=\"28c311e6\" data-element_type=\"container\">\n\t\t\t\t\t<div class=\"e-con-inner\">\n\t\t\t\t<div class=\"elementor-element elementor-element-2d0d44a9 elementor-widget elementor-widget-heading\" data-id=\"2d0d44a9\" data-element_type=\"widget\" data-widget_type=\"heading.default\">\n\t\t\t\t<div class=\"elementor-widget-container\">\n\t\t\t\t\t<h2 class=\"elementor-heading-title elementor-size-default\">Datenschutzerkl\u00e4rung<\/h2>\t\t\t\t<\/div>\n\t\t\t\t<\/div>\n\t\t\t\t\t<\/div>\n\t\t\t\t<\/div>\n\t\t<div class=\"elementor-element elementor-element-b61e08e e-flex e-con-boxed e-con e-parent\" data-id=\"b61e08e\" data-element_type=\"container\">\n\t\t\t\t\t<div class=\"e-con-inner\">\n\t\t\t\t<div class=\"elementor-element elementor-element-86efb38 elementor-widget elementor-widget-text-editor\" data-id=\"86efb38\" data-element_type=\"widget\" data-widget_type=\"text-editor.default\">\n\t\t\t\t<div class=\"elementor-widget-container\">\n\t\t\t\t\t\t\t\t\t<p>Zuletzt aktualisiert am: 05.11.2024<\/p><p>Wir legen grossen Wert darauf, dass der Umgang mit Personendaten transparent ist. Diese Datenschutzerkl\u00e4rung gibt Auskunft dar\u00fcber, welche personenbezogenen Daten wir sammeln, zu welchem Zweck und an wen wir sie weitergeben. Um eine hohe Transparenz zu gew\u00e4hrleisten, wird diese Datenschutzerkl\u00e4rung regelm\u00e4ssig \u00fcberpr\u00fcft und aktualisiert.<\/p>\t\t\t\t\t\t\t\t<\/div>\n\t\t\t\t<\/div>\n\t\t\t\t<div class=\"elementor-element elementor-element-461ff65 elementor-widget elementor-widget-heading\" data-id=\"461ff65\" data-element_type=\"widget\" data-widget_type=\"heading.default\">\n\t\t\t\t<div class=\"elementor-widget-container\">\n\t\t\t\t\t<h3 class=\"elementor-heading-title elementor-size-default\">1. Welche Dienste wir nutzen<\/h3>\t\t\t\t<\/div>\n\t\t\t\t<\/div>\n\t\t\t\t<div class=\"elementor-element elementor-element-bf32fa7 elementor-widget elementor-widget-text-editor\" data-id=\"bf32fa7\" data-element_type=\"widget\" data-widget_type=\"text-editor.default\">\n\t\t\t\t<div class=\"elementor-widget-container\">\n\t\t\t\t\t\t\t\t\t<ul><li>WordPress<\/li><\/ul>\t\t\t\t\t\t\t\t<\/div>\n\t\t\t\t<\/div>\n\t\t\t\t<div class=\"elementor-element elementor-element-f12d880 elementor-widget elementor-widget-heading\" data-id=\"f12d880\" data-element_type=\"widget\" data-widget_type=\"heading.default\">\n\t\t\t\t<div class=\"elementor-widget-container\">\n\t\t\t\t\t<h3 class=\"elementor-heading-title elementor-size-default\">2. Kontaktinformationen<\/h3>\t\t\t\t<\/div>\n\t\t\t\t<\/div>\n\t\t\t\t<div class=\"elementor-element elementor-element-dd84bd5 elementor-widget elementor-widget-text-editor\" data-id=\"dd84bd5\" data-element_type=\"widget\" data-widget_type=\"text-editor.default\">\n\t\t\t\t<div class=\"elementor-widget-container\">\n\t\t\t\t\t\t\t\t\t<p>Bei Fragen oder Anliegen zum Schutz Ihrer Daten durch uns erreichen Sie uns jederzeit per E-Mail unter art@ruthrighetti.ch. Verantwortlich f\u00fcr die Datenbearbeitungen, die \u00fcber diese Website erfolgen, ist:<\/p><p>Ruth Righetti<br \/>M\u00f6hrlistrasse 70<br \/>8006 Z\u00fcrich<br \/>Schweiz<br \/><br \/><strong>Datenschutzverantwortliche Person:<\/strong><br \/>Ruth Righetti<br \/>art@ruthrighetti.ch<\/p>\t\t\t\t\t\t\t\t<\/div>\n\t\t\t\t<\/div>\n\t\t\t\t<div class=\"elementor-element elementor-element-eacabd7 elementor-widget elementor-widget-heading\" data-id=\"eacabd7\" data-element_type=\"widget\" data-widget_type=\"heading.default\">\n\t\t\t\t<div class=\"elementor-widget-container\">\n\t\t\t\t\t<h3 class=\"elementor-heading-title elementor-size-default\">3. Allgemeine Grunds\u00e4tze<\/h3>\t\t\t\t<\/div>\n\t\t\t\t<\/div>\n\t\t\t\t<div class=\"elementor-element elementor-element-4dd255b elementor-widget elementor-widget-heading\" data-id=\"4dd255b\" data-element_type=\"widget\" data-widget_type=\"heading.default\">\n\t\t\t\t<div class=\"elementor-widget-container\">\n\t\t\t\t\t<h4 class=\"elementor-heading-title elementor-size-default\">3.1 Welche Daten sammeln wir von Ihnen und von wem erhalten wir diese Daten<\/h4>\t\t\t\t<\/div>\n\t\t\t\t<\/div>\n\t\t\t\t<div class=\"elementor-element elementor-element-31dc4f9 elementor-widget elementor-widget-text-editor\" data-id=\"31dc4f9\" data-element_type=\"widget\" data-widget_type=\"text-editor.default\">\n\t\t\t\t<div class=\"elementor-widget-container\">\n\t\t\t\t\t\t\t\t\t<p>In erster Linie bearbeiten wir Personendaten, die Sie uns \u00fcbermitteln oder die wir beim Betrieb unserer Website sammeln. Unter Umst\u00e4nden erhalten wir Personendaten \u00fcber Sie auch von Dritten. Das k\u00f6nnen folgende Kategorien sein:<\/p><ul><li>Personenstammdaten (Name, Adresse, Geburtsdaten, etc.);<\/li><li>Kontaktdaten (Handynummer, E-Mailadresse, etc.);<\/li><li>Finanzdaten (bspw. Kontoangaben);<\/li><li>Onlinekennungen (bspw. Cookie-Kennung, IP-Adressen);<\/li><li>Standort- und Verkehrsdaten;<\/li><li>Ton- und Bildaufnahmen;<\/li><li>besonders sch\u00fctzenswerte Daten (bspw. biometrische Daten oder Angaben \u00fcber Ihre Gesundheit).<\/li><\/ul>\t\t\t\t\t\t\t\t<\/div>\n\t\t\t\t<\/div>\n\t\t\t\t<div class=\"elementor-element elementor-element-4930ea1 elementor-widget elementor-widget-heading\" data-id=\"4930ea1\" data-element_type=\"widget\" data-widget_type=\"heading.default\">\n\t\t\t\t<div class=\"elementor-widget-container\">\n\t\t\t\t\t<h4 class=\"elementor-heading-title elementor-size-default\">3.2 Unter welchen Voraussetzungen bearbeiten wir Ihre Daten?<\/h4>\t\t\t\t<\/div>\n\t\t\t\t<\/div>\n\t\t\t\t<div class=\"elementor-element elementor-element-09c784e elementor-widget elementor-widget-text-editor\" data-id=\"09c784e\" data-element_type=\"widget\" data-widget_type=\"text-editor.default\">\n\t\t\t\t<div class=\"elementor-widget-container\">\n\t\t\t\t\t\t\t\t\t<p>Wir behandeln Ihre Daten vertraulich und gem\u00e4ss den in dieser Datenschutzerkl\u00e4rung festgelegten Zwecken. Wir achten dabei auf eine transparente und verh\u00e4ltnism\u00e4ssige Bearbeitung.<br \/><br \/>Falls wir ausnahmsweise nicht in der Lage sind, diese Grunds\u00e4tze zu befolgen, kann die Datenbearbeitung trotzdem rechtm\u00e4ssig sein, weil ein Rechtfertigungsgrund vorliegt. Als Rechtfertigungsgrund kommt namentlich in Frage:<\/p><ul><li>Ihre Einwilligung;<\/li><li>die Durchf\u00fchrung eines Vertrages oder vorvertraglicher Massnahmen;<\/li><li>unsere berechtigten Interessen, sofern Ihre Interessen nicht \u00fcberwiegen.<\/li><\/ul>\t\t\t\t\t\t\t\t<\/div>\n\t\t\t\t<\/div>\n\t\t\t\t<div class=\"elementor-element elementor-element-cb1b22f elementor-widget elementor-widget-heading\" data-id=\"cb1b22f\" data-element_type=\"widget\" data-widget_type=\"heading.default\">\n\t\t\t\t<div class=\"elementor-widget-container\">\n\t\t\t\t\t<h4 class=\"elementor-heading-title elementor-size-default\">\n3.3 Wie k\u00f6nnen Sie Ihre Einwilligung widerrufen?<\/h4>\t\t\t\t<\/div>\n\t\t\t\t<\/div>\n\t\t\t\t<div class=\"elementor-element elementor-element-9c6529a elementor-widget elementor-widget-text-editor\" data-id=\"9c6529a\" data-element_type=\"widget\" data-widget_type=\"text-editor.default\">\n\t\t\t\t<div class=\"elementor-widget-container\">\n\t\t\t\t\t\t\t\t\t<p>Haben Sie uns eine Einwilligung zur Bearbeitung Ihrer personenbezogenen Daten f\u00fcr bestimmte Zwecke erteilt, bearbeiten wir Ihre Daten im Rahmen dieser Einwilligung, soweit wir keinen anderen Rechtfertigungsgrund haben.<\/p><p>Sie haben jederzeit die M\u00f6glichkeit, Ihre Einwilligung zu widerrufen indem Sie eine E-Mail an die im Impressum genannte Adresse schicken. Bereits erfolgte Datenverarbeitungen sind davon nicht betroffen.<\/p>\t\t\t\t\t\t\t\t<\/div>\n\t\t\t\t<\/div>\n\t\t\t\t<div class=\"elementor-element elementor-element-6f35f5c elementor-widget elementor-widget-heading\" data-id=\"6f35f5c\" data-element_type=\"widget\" data-widget_type=\"heading.default\">\n\t\t\t\t<div class=\"elementor-widget-container\">\n\t\t\t\t\t<h4 class=\"elementor-heading-title elementor-size-default\">3.4 In welchen F\u00e4llen k\u00f6nnen wir Ihre Daten an Dritte weitergeben?<\/h4>\t\t\t\t<\/div>\n\t\t\t\t<\/div>\n\t\t\t\t<div class=\"elementor-element elementor-element-8355628 elementor-widget elementor-widget-heading\" data-id=\"8355628\" data-element_type=\"widget\" data-widget_type=\"heading.default\">\n\t\t\t\t<div class=\"elementor-widget-container\">\n\t\t\t\t\t<h5 class=\"elementor-heading-title elementor-size-default\">a. Grundsatz<\/h5>\t\t\t\t<\/div>\n\t\t\t\t<\/div>\n\t\t\t\t<div class=\"elementor-element elementor-element-ac86925 elementor-widget elementor-widget-text-editor\" data-id=\"ac86925\" data-element_type=\"widget\" data-widget_type=\"text-editor.default\">\n\t\t\t\t<div class=\"elementor-widget-container\">\n\t\t\t\t\t\t\t\t\t<p>Wir sind unter Umst\u00e4nden darauf angewiesen, die Dienste Dritter oder von verbundenen Unternehmen in Anspruch zu nehmen und diese mit der Verarbeitung Ihrer Daten zu beauftragen (sog. Auftragsverarbeiter). Kategorien der Empf\u00e4nger sind namentlich:<\/p><ul><li>Buchhaltung, Treuhand und Revisionsunternehmen;<\/li><li>Beratungsunternehmen (Rechtsberatung, Steuern, etc.);<\/li><li>IT-Dienstleister (Webhosting, Support, Clouddienste, Webseitengestaltung, etc.);<\/li><li>Zahlungsdienstleister;<\/li><li>Anbieter von Tracking-, Conversion- und Werbedienstleistungen.<\/li><\/ul><p>\u00a0<\/p><p>Wir stellen sicher, dass diese Dritten und unsere verbundenen Unternehmen die Voraussetzungen des Datenschutzes einhalten und Ihre personenbezogenen Daten vertraulich behandeln.<br \/><br \/>Unter Umst\u00e4nden sind wir auch verpflichtet, Ihre personenbezogenen Daten an Beh\u00f6rden bekanntzugeben.<\/p>\t\t\t\t\t\t\t\t<\/div>\n\t\t\t\t<\/div>\n\t\t\t\t<div class=\"elementor-element elementor-element-42dae25 elementor-widget elementor-widget-heading\" data-id=\"42dae25\" data-element_type=\"widget\" data-widget_type=\"heading.default\">\n\t\t\t\t<div class=\"elementor-widget-container\">\n\t\t\t\t\t<h5 class=\"elementor-heading-title elementor-size-default\">b. Besuch unserer Social-Media-Kan\u00e4le<\/h5>\t\t\t\t<\/div>\n\t\t\t\t<\/div>\n\t\t\t\t<div class=\"elementor-element elementor-element-5ea78b5 elementor-widget elementor-widget-text-editor\" data-id=\"5ea78b5\" data-element_type=\"widget\" data-widget_type=\"text-editor.default\">\n\t\t\t\t<div class=\"elementor-widget-container\">\n\t\t\t\t\t\t\t\t\t<p>Wir haben eventuell auf unserer Website Links zu unseren Social-Media-Kan\u00e4len eingebettet. Das ist f\u00fcr Sie jeweils ersichtlich (typischerweise \u00fcber entsprechende Symbole). Klicken Sie auf die Symbole, werden Sie auf unsere Social-Media-Kan\u00e4le weitergeleitet.<\/p><p>Die Social Media Anbieter erfahren in diesem Fall, dass Sie von unserer Website auf deren Plattform zugreifen. Die Social Media Anbieter k\u00f6nnen die so erhobenen Daten f\u00fcr eigene Zwecke nutzen. Wir weisen darauf hin, dass wir keine Kenntnis vom Inhalt der \u00fcbermittelten Daten sowie deren Nutzung durch die Betreiber erhalten.<\/p>\t\t\t\t\t\t\t\t<\/div>\n\t\t\t\t<\/div>\n\t\t\t\t<div class=\"elementor-element elementor-element-7205dd1 elementor-widget elementor-widget-heading\" data-id=\"7205dd1\" data-element_type=\"widget\" data-widget_type=\"heading.default\">\n\t\t\t\t<div class=\"elementor-widget-container\">\n\t\t\t\t\t<h5 class=\"elementor-heading-title elementor-size-default\">c. Weitergabe ins Ausland<\/h5>\t\t\t\t<\/div>\n\t\t\t\t<\/div>\n\t\t\t\t<div class=\"elementor-element elementor-element-094a760 elementor-widget elementor-widget-text-editor\" data-id=\"094a760\" data-element_type=\"widget\" data-widget_type=\"text-editor.default\">\n\t\t\t\t<div class=\"elementor-widget-container\">\n\t\t\t\t\t\t\t\t\t<p>Unter Umst\u00e4nden kann es im Rahmen der Auftragsbearbeitung zu \u00dcbermittlung Ihrer personenbezogenen Daten an Unternehmen im Ausland kommen. Diese Unternehmen sind im gleichen Umfang zum Datenschutz verpflichtet, wie wir selbst. Die \u00dcbermittlung kann weltweit stattfinden.<\/p><p>Entspricht das Datenschutzniveau nicht demjenigen des der Schweiz, so nehmen wir eine vorg\u00e4ngige Risikoeinsch\u00e4tzung vor und stellen vertraglich sicher, dass der gleiche Schutz wie in der Schweiz garantiert wird (bspw. mittels der neuen Standardvertragsklauseln der EU-Kommission oder anderen, gesetzlich vorgegebenen Massnahmen). Sollte unsere Risikoeinsch\u00e4tzung negativ ausfallen, ergreifen wir zus\u00e4tzliche technische Massnahmen zum Schutz Ihrer Daten. Sie k\u00f6nnen die Standardvertragsklauseln der EU-Kommission abrufen unter folgendem Link. https:\/\/commission.europa.eu\/publications\/standard-contractual-clauses-controllers-and-processors-eueea_de<\/p>\t\t\t\t\t\t\t\t<\/div>\n\t\t\t\t<\/div>\n\t\t\t\t<div class=\"elementor-element elementor-element-5faa5f8 elementor-widget elementor-widget-heading\" data-id=\"5faa5f8\" data-element_type=\"widget\" data-widget_type=\"heading.default\">\n\t\t\t\t<div class=\"elementor-widget-container\">\n\t\t\t\t\t<h4 class=\"elementor-heading-title elementor-size-default\">3.5 Wie lange bewahren wir Ihre Daten auf?<\/h4>\t\t\t\t<\/div>\n\t\t\t\t<\/div>\n\t\t\t\t<div class=\"elementor-element elementor-element-c614d4e elementor-widget elementor-widget-text-editor\" data-id=\"c614d4e\" data-element_type=\"widget\" data-widget_type=\"text-editor.default\">\n\t\t\t\t<div class=\"elementor-widget-container\">\n\t\t\t\t\t\t\t\t\t<p>Wir speichern personenbezogene Daten nur so lange, wie dies erforderlich ist, um die einzelnen Zwecke, zu denen die Daten erhoben wurden, zu erf\u00fcllen.<\/p><p>Daten, die wir bei Ihrem Besuch auf unserer Website speichern, werden w\u00e4hrend zw\u00f6lf Monaten aufbewahrt. Eine Ausnahme gilt f\u00fcr Analyse- und Trackingdaten, die l\u00e4nger aufbewahrt werden k\u00f6nnen.<\/p><p>Vertragsdaten speichern wir l\u00e4nger, da wir dazu durch gesetzliche Vorschriften verpflichtet sind. Wir m\u00fcssen insbesondere gesch\u00e4ftliche Kommunikation, geschlossene Vertr\u00e4ge und Buchungsbelege bis zu 10 Jahren aufbewahren. Soweit wir solche Daten von Ihnen nicht mehr zur Durchf\u00fchrung der Dienstleistungen ben\u00f6tigen, werden die Daten gesperrt und wir verwenden sie nur noch f\u00fcr Zwecke der Rechnungslegung und f\u00fcr Steuerzwecke.<\/p>\t\t\t\t\t\t\t\t<\/div>\n\t\t\t\t<\/div>\n\t\t\t\t<div class=\"elementor-element elementor-element-51ebe03 elementor-widget elementor-widget-heading\" data-id=\"51ebe03\" data-element_type=\"widget\" data-widget_type=\"heading.default\">\n\t\t\t\t<div class=\"elementor-widget-container\">\n\t\t\t\t\t<h4 class=\"elementor-heading-title elementor-size-default\">3.6 Wie sch\u00fctzen wir Ihre Daten?<\/h4>\t\t\t\t<\/div>\n\t\t\t\t<\/div>\n\t\t\t\t<div class=\"elementor-element elementor-element-eab8e9f elementor-widget elementor-widget-text-editor\" data-id=\"eab8e9f\" data-element_type=\"widget\" data-widget_type=\"text-editor.default\">\n\t\t\t\t<div class=\"elementor-widget-container\">\n\t\t\t\t\t\t\t\t\t<p>Wir werden Ihre Daten sicher aufbewahren und alle angemessenen Massnahmen ergreifen, um Ihre Daten vor Verlust, Zugriff, Missbrauch oder \u00c4nderungen zu sch\u00fctzen.<\/p><p>Unsere Vertragspartner und Mitarbeitende, die Zugang zu Ihren Daten haben, sind zur Einhaltung der datenschutzrechtlichen Bestimmungen verpflichtet. In manchen F\u00e4llen wird es erforderlich sein, dass wir Ihre Anfragen an mit uns verbundene Unternehmen weiterreichen. Auch in diesen F\u00e4llen werden Ihre Daten vertraulich behandelt.<\/p><p>Innerhalb unserer Webseite verwenden wir das SSL-Verfahren (Secure Socket Layer) in Verbindung mit der jeweils h\u00f6chsten Verschl\u00fcsselungsstufe, die von Ihrem Browser unterst\u00fctzt wird.<\/p>\t\t\t\t\t\t\t\t<\/div>\n\t\t\t\t<\/div>\n\t\t\t\t<div class=\"elementor-element elementor-element-54029bf elementor-widget elementor-widget-heading\" data-id=\"54029bf\" data-element_type=\"widget\" data-widget_type=\"heading.default\">\n\t\t\t\t<div class=\"elementor-widget-container\">\n\t\t\t\t\t<h4 class=\"elementor-heading-title elementor-size-default\">3.7 Welche Rechte haben Sie?<\/h4>\t\t\t\t<\/div>\n\t\t\t\t<\/div>\n\t\t\t\t<div class=\"elementor-element elementor-element-a983083 elementor-widget elementor-widget-heading\" data-id=\"a983083\" data-element_type=\"widget\" data-widget_type=\"heading.default\">\n\t\t\t\t<div class=\"elementor-widget-container\">\n\t\t\t\t\t<h5 class=\"elementor-heading-title elementor-size-default\">a. Auskunftsrecht<\/h5>\t\t\t\t<\/div>\n\t\t\t\t<\/div>\n\t\t\t\t<div class=\"elementor-element elementor-element-6130cb2 elementor-widget elementor-widget-text-editor\" data-id=\"6130cb2\" data-element_type=\"widget\" data-widget_type=\"text-editor.default\">\n\t\t\t\t<div class=\"elementor-widget-container\">\n\t\t\t\t\t\t\t\t\t<p>Sie k\u00f6nnen jederzeit eine Auskunft \u00fcber die von uns \u00fcber Sie gespeicherten Daten verlangen. Wir bitten Sie, Ihr Auskunftsgesuch zusammen mit einem Identit\u00e4tsnachweis an art@ruthrighetti.ch zu senden.<br \/><br \/>Sie haben ausserdem das Recht, Ihre Daten in einem g\u00e4ngigen Dateiformat zu erhalten, wenn wir Ihre Daten automatisiert bearbeiten, und wenn:<\/p><ul><li>Sie Ihre Einwilligung f\u00fcr die Bearbeitung dieser Daten erteilt haben; oder<\/li><li>Sie Daten im Zusammenhang mit dem Abschluss oder der Abwicklung eines Vertrags bekannt gegeben haben.<\/li><\/ul><p>Wir k\u00f6nnen die Auskunft bzw. Datenherausgabe einschr\u00e4nken oder verweigern, wenn dies unseren gesetzlichen Verpflichtungen, berechtigten eigenen oder \u00f6ffentlichen Interessen oder Interessen einer Drittperson entgegensteht.<br \/><br \/>Die Bearbeitung Ihres Gesuchs unterliegt der gesetzlichen Bearbeitungsfrist von 30 Tagen. Diese Frist d\u00fcrfen wir jedoch aufgrund von hohem Anfragevolumen, aus rechtlichen oder technischen Gr\u00fcnden oder weil wir n\u00e4here Angaben von Ihnen ben\u00f6tigen, verl\u00e4ngern. Sie werden \u00fcber die Fristverl\u00e4ngerung rechtzeitig mindestens in Textform informiert.<\/p>\t\t\t\t\t\t\t\t<\/div>\n\t\t\t\t<\/div>\n\t\t\t\t<div class=\"elementor-element elementor-element-f6b8a02 elementor-widget elementor-widget-heading\" data-id=\"f6b8a02\" data-element_type=\"widget\" data-widget_type=\"heading.default\">\n\t\t\t\t<div class=\"elementor-widget-container\">\n\t\t\t\t\t<h5 class=\"elementor-heading-title elementor-size-default\">b. L\u00f6schung und Berichtigung<\/h5>\t\t\t\t<\/div>\n\t\t\t\t<\/div>\n\t\t\t\t<div class=\"elementor-element elementor-element-915a05e elementor-widget elementor-widget-text-editor\" data-id=\"915a05e\" data-element_type=\"widget\" data-widget_type=\"text-editor.default\">\n\t\t\t\t<div class=\"elementor-widget-container\">\n\t\t\t\t\t\t\t\t\t<p>Sie haben jederzeit die M\u00f6glichkeit, die L\u00f6schung oder Berichtigung Ihrer Daten zu verlangen. Wir k\u00f6nnen das Gesuch abweisen, wenn gesetzliche Vorschriften uns zur l\u00e4ngeren bzw. unver\u00e4nderten Aufbewahrung verpflichten oder ein Erlaubnistatbestand Ihrem Gesuch entgegensteht.<\/p><p>Bitte beachten Sie, dass die Aus\u00fcbung Ihrer Rechte unter Umst\u00e4nden im Konflikt mit vertraglichen Abmachungen stehen und entsprechende Auswirkungen auf die Vertragsdurchf\u00fchrung haben kann (z.B. vorzeitige Vertragsaufl\u00f6sung oder Kostenfolgen).<\/p>\t\t\t\t\t\t\t\t<\/div>\n\t\t\t\t<\/div>\n\t\t\t\t<div class=\"elementor-element elementor-element-5cc8de7 elementor-widget elementor-widget-heading\" data-id=\"5cc8de7\" data-element_type=\"widget\" data-widget_type=\"heading.default\">\n\t\t\t\t<div class=\"elementor-widget-container\">\n\t\t\t\t\t<h5 class=\"elementor-heading-title elementor-size-default\">c. Rechtsweg<\/h5>\t\t\t\t<\/div>\n\t\t\t\t<\/div>\n\t\t\t\t<div class=\"elementor-element elementor-element-fd89d6a elementor-widget elementor-widget-text-editor\" data-id=\"fd89d6a\" data-element_type=\"widget\" data-widget_type=\"text-editor.default\">\n\t\t\t\t<div class=\"elementor-widget-container\">\n\t\t\t\t\t\t\t\t\t<p>Sind Sie von der Bearbeitung personenbezogener Daten betroffen, haben Sie das Recht, Ihre Rechte gerichtlich durchzusetzen oder bei der zust\u00e4ndigen Aufsichtsbeh\u00f6rde eine Meldung einzureichen. Die zust\u00e4ndige Aufsichtsbeh\u00f6rde in der Schweiz ist der Eidgen\u00f6ssische Datenschutz- und \u00d6ffentlichkeitsbeauftragte: https:\/\/www.edoeb.admin.ch<\/p>\t\t\t\t\t\t\t\t<\/div>\n\t\t\t\t<\/div>\n\t\t\t\t<div class=\"elementor-element elementor-element-731abfe elementor-widget elementor-widget-heading\" data-id=\"731abfe\" data-element_type=\"widget\" data-widget_type=\"heading.default\">\n\t\t\t\t<div class=\"elementor-widget-container\">\n\t\t\t\t\t<h4 class=\"elementor-heading-title elementor-size-default\">3.8 \u00c4nderungen an der Datenschutzerkl\u00e4rung<\/h4>\t\t\t\t<\/div>\n\t\t\t\t<\/div>\n\t\t\t\t<div class=\"elementor-element elementor-element-9065f49 elementor-widget elementor-widget-text-editor\" data-id=\"9065f49\" data-element_type=\"widget\" data-widget_type=\"text-editor.default\">\n\t\t\t\t<div class=\"elementor-widget-container\">\n\t\t\t\t\t\t\t\t\t<p>Wir k\u00f6nnen diese Datenschutzerkl\u00e4rung jederzeit \u00e4ndern. Die \u00c4nderungen werden auf ruthrighetti.ch ver\u00f6ffentlicht, Sie werden nicht gesondert dar\u00fcber informiert.<\/p>\t\t\t\t\t\t\t\t<\/div>\n\t\t\t\t<\/div>\n\t\t\t\t<div class=\"elementor-element elementor-element-8a4ce0c elementor-widget elementor-widget-heading\" data-id=\"8a4ce0c\" data-element_type=\"widget\" data-widget_type=\"heading.default\">\n\t\t\t\t<div class=\"elementor-widget-container\">\n\t\t\t\t\t<h3 class=\"elementor-heading-title elementor-size-default\">4. Einzelne Datenverarbeitungsvorg\u00e4nge<\/h3>\t\t\t\t<\/div>\n\t\t\t\t<\/div>\n\t\t\t\t<div class=\"elementor-element elementor-element-f864eec elementor-widget elementor-widget-heading\" data-id=\"f864eec\" data-element_type=\"widget\" data-widget_type=\"heading.default\">\n\t\t\t\t<div class=\"elementor-widget-container\">\n\t\t\t\t\t<h4 class=\"elementor-heading-title elementor-size-default\">4.1 Bereitstellen der Webseite und Erstellung von Logfiles<\/h4>\t\t\t\t<\/div>\n\t\t\t\t<\/div>\n\t\t\t\t<div class=\"elementor-element elementor-element-4c07dd2 elementor-widget elementor-widget-text-editor\" data-id=\"4c07dd2\" data-element_type=\"widget\" data-widget_type=\"text-editor.default\">\n\t\t\t\t<div class=\"elementor-widget-container\">\n\t\t\t\t\t\t\t\t\t<h4>Welche Informationen erhalten wir und wie nutzen wir sie?<\/h4><p>Indem Sie ruthrighetti.ch besuchen, werden auf unseren Servern oder auf Servern von Dienstleistungen und Produkten, die wir beziehen und \/ oder installiert haben, bestimmte Daten automatisch zu Zwecken der Systemadministration, f\u00fcr statistische oder f\u00fcr Sicherungszwecke oder f\u00fcr Trackingzwecke gespeichert. Es handelt sich dabei um:<\/p><ul><li>den Namen Ihres Internetserviceproviders;<\/li><li>Ihre IP-Adresse (unter Umst\u00e4nden);<\/li><li>die Version Ihrer Browser-Software;<\/li><li>das Betriebssystem des Rechners mit dem auf die URL zugegriffen wird;<\/li><li>das Datum und die Uhrzeit des Zugriffs;<\/li><li>die Webseite, von der aus Sie URL besuchen;<\/li><li>die Suchw\u00f6rter die Sie benutzt haben, um die URL finden.<\/li><\/ul><p>\u00a0<\/p><h4>Weshalb d\u00fcrfen wir diese Daten bearbeiten?<\/h4><p>Diese Daten k\u00f6nnen keiner bestimmten Person zugeordnet werden und es findet keine Zusammenf\u00fchrung dieser Daten mit anderen Datenquellen statt. Die Speicherung der Logfiles erfolgt, um die Funktionsf\u00e4higkeit der Webseite zu garantieren und zur Sicherstellung der Sicherheit unserer informationstechnischen Systeme. Hierin besteht unser berechtigtes Interesse.<\/p><p>\u00a0<\/p><h4>Wie k\u00f6nnen Sie die Datenerfassung verhindern?<\/h4><p>Die Daten werden nur solange gespeichert, wie dies zur Erreichung des Zweckes Ihrer Erhebung notwendig ist. Dementsprechend werden die Daten nach Beendigung jeder Sitzung gel\u00f6scht. Die Speicherung der Logfiles ist f\u00fcr den Betrieb der Webseite zwingend notwendig, Sie haben daher keine M\u00f6glichkeit dagegen Widerspruch zu erheben.<\/p>\t\t\t\t\t\t\t\t<\/div>\n\t\t\t\t<\/div>\n\t\t\t\t<div class=\"elementor-element elementor-element-be1d988 elementor-widget elementor-widget-heading\" data-id=\"be1d988\" data-element_type=\"widget\" data-widget_type=\"heading.default\">\n\t\t\t\t<div class=\"elementor-widget-container\">\n\t\t\t\t\t<h4 class=\"elementor-heading-title elementor-size-default\">4.2 WordPress<\/h4>\t\t\t\t<\/div>\n\t\t\t\t<\/div>\n\t\t\t\t<div class=\"elementor-element elementor-element-7bd1798 elementor-widget elementor-widget-text-editor\" data-id=\"7bd1798\" data-element_type=\"widget\" data-widget_type=\"text-editor.default\">\n\t\t\t\t<div class=\"elementor-widget-container\">\n\t\t\t\t\t\t\t\t\t<p>Unsere Website basiert auf der Plattform WordPress, einem Content-Management-System, das von der Automattic Inc., 60 29th Street #343, San Francisco, CA 94110, USA entwickelt wurde. WordPress erm\u00f6glicht es uns, Inhalte zu erstellen, zu verwalten und zu ver\u00f6ffentlichen.<\/p><p>Bei der Nutzung unserer Website, die auf WordPress basiert, k\u00f6nnen verschiedene Daten, einschliesslich Ihrer IP-Adresse, Datum und Uhrzeit des Zugriffs, sowie Informationen \u00fcber den von Ihnen genutzten Browser, erfasst und gespeichert werden. Diese Daten werden haupts\u00e4chlich f\u00fcr administrative Zwecke und zur Sicherstellung eines st\u00f6rungsfreien Betriebs der Website verwendet.<\/p><p>Einige WordPress-Funktionen, wie Kommentare oder Kontaktformulare, k\u00f6nnen zus\u00e4tzliche personenbezogene Daten erfassen, wenn Sie diese nutzen.<\/p>\t\t\t\t\t\t\t\t<\/div>\n\t\t\t\t<\/div>\n\t\t\t\t<div class=\"elementor-element elementor-element-6457795 elementor-widget elementor-widget-heading\" data-id=\"6457795\" data-element_type=\"widget\" data-widget_type=\"heading.default\">\n\t\t\t\t<div class=\"elementor-widget-container\">\n\t\t\t\t\t<h4 class=\"elementor-heading-title elementor-size-default\">BrainBox Generatoren<\/h4>\t\t\t\t<\/div>\n\t\t\t\t<\/div>\n\t\t\t\t<div class=\"elementor-element elementor-element-3a06507 elementor-widget elementor-widget-text-editor\" data-id=\"3a06507\" data-element_type=\"widget\" data-widget_type=\"text-editor.default\">\n\t\t\t\t<div class=\"elementor-widget-container\">\n\t\t\t\t\t\t\t\t\t<div class=\"content-generator-output\">BrainBox Generatoren ist ein Dienst der <a href=\"https:\/\/brainbox.swiss\/\" target=\"_blank\" rel=\"nofollow noopener\">BrainBox Solutions GmbH<\/a>, um alle datenschutzrelevanten Dienste auf einer Website zu erkennen und unter anderem damit bei der Erstellung der Datenschutzerkl\u00e4rung zu helfen. Dabei werden keine personenbezogenen Daten erfasst oder verarbeitet.<\/div>\t\t\t\t\t\t\t\t<\/div>\n\t\t\t\t<\/div>\n\t\t\t\t\t<\/div>\n\t\t\t\t<\/div>\n\t\t\t\t<\/div>\n\t\t","protected":false},"excerpt":{"rendered":"<p>Datenschutzerkl\u00e4rung Zuletzt aktualisiert am: 05.11.2024 Wir legen grossen Wert darauf, dass der Umgang mit Personendaten transparent ist. Diese Datenschutzerkl\u00e4rung gibt Auskunft dar\u00fcber, welche personenbezogenen Daten wir sammeln, zu welchem Zweck und an wen wir sie weitergeben. Um eine hohe Transparenz zu gew\u00e4hrleisten, wird diese Datenschutzerkl\u00e4rung regelm\u00e4ssig \u00fcberpr\u00fcft und aktualisiert. 1. Welche Dienste wir nutzen WordPress&hellip;&nbsp;<a href=\"https:\/\/www.ruthrighetti.ch\/cms\/datenschutzerklaerung\/\" class=\"\" rel=\"bookmark\">Weiterlesen &raquo;<span class=\"screen-reader-text\">Datenschutzerkl\u00e4rung<\/span><\/a><\/p>\n","protected":false},"author":1,"featured_media":0,"parent":0,"menu_order":0,"comment_status":"closed","ping_status":"closed","template":"elementor_header_footer","meta":{"neve_meta_sidebar":"","neve_meta_container":"","neve_meta_enable_content_width":"","neve_meta_content_width":0,"neve_meta_title_alignment":"","neve_meta_author_avatar":"","neve_post_elements_order":"","neve_meta_disable_header":"","neve_meta_disable_footer":"","neve_meta_disable_title":"","footnotes":""},"class_list":["post-341","page","type-page","status-publish","hentry"],"_links":{"self":[{"href":"https:\/\/www.ruthrighetti.ch\/cms\/wp-json\/wp\/v2\/pages\/341","targetHints":{"allow":["GET"]}}],"collection":[{"href":"https:\/\/www.ruthrighetti.ch\/cms\/wp-json\/wp\/v2\/pages"}],"about":[{"href":"https:\/\/www.ruthrighetti.ch\/cms\/wp-json\/wp\/v2\/types\/page"}],"author":[{"embeddable":true,"href":"https:\/\/www.ruthrighetti.ch\/cms\/wp-json\/wp\/v2\/users\/1"}],"replies":[{"embeddable":true,"href":"https:\/\/www.ruthrighetti.ch\/cms\/wp-json\/wp\/v2\/comments?post=341"}],"version-history":[{"count":4,"href":"https:\/\/www.ruthrighetti.ch\/cms\/wp-json\/wp\/v2\/pages\/341\/revisions"}],"predecessor-version":[{"id":348,"href":"https:\/\/www.ruthrighetti.ch\/cms\/wp-json\/wp\/v2\/pages\/341\/revisions\/348"}],"wp:attachment":[{"href":"https:\/\/www.ruthrighetti.ch\/cms\/wp-json\/wp\/v2\/media?parent=341"}],"curies":[{"name":"wp","href":"https:\/\/api.w.org\/{rel}","templated":true}]}}