{"id":255,"date":"2024-10-24T09:41:04","date_gmt":"2024-10-24T07:41:04","guid":{"rendered":"https:\/\/www.ruthrighetti.ch\/cms\/?page_id=255"},"modified":"2025-03-01T18:58:08","modified_gmt":"2025-03-01T17:58:08","slug":"mehr","status":"publish","type":"page","link":"https:\/\/www.ruthrighetti.ch\/cms\/mehr\/","title":{"rendered":"mehr&#8230;"},"content":{"rendered":"\t\t<div data-elementor-type=\"wp-page\" data-elementor-id=\"255\" class=\"elementor elementor-255\">\n\t\t\t\t<div class=\"elementor-element elementor-element-d6b1cdd e-flex e-con-boxed e-con e-parent\" data-id=\"d6b1cdd\" data-element_type=\"container\">\n\t\t\t\t\t<div class=\"e-con-inner\">\n\t\t\t\t<div class=\"elementor-element elementor-element-014c69a elementor-widget elementor-widget-spacer\" data-id=\"014c69a\" data-element_type=\"widget\" data-widget_type=\"spacer.default\">\n\t\t\t\t<div class=\"elementor-widget-container\">\n\t\t\t\t\t\t\t<div class=\"elementor-spacer\">\n\t\t\t<div class=\"elementor-spacer-inner\"><\/div>\n\t\t<\/div>\n\t\t\t\t\t\t<\/div>\n\t\t\t\t<\/div>\n\t\t\t\t<div class=\"elementor-element elementor-element-9a3d4e5 elementor-widget elementor-widget-heading\" data-id=\"9a3d4e5\" data-element_type=\"widget\" data-widget_type=\"heading.default\">\n\t\t\t\t<div class=\"elementor-widget-container\">\n\t\t\t\t\t<h2 class=\"elementor-heading-title elementor-size-default\">mehr...<\/h2>\t\t\t\t<\/div>\n\t\t\t\t<\/div>\n\t\t\t\t<div class=\"elementor-element elementor-element-e3238b5 elementor-widget elementor-widget-spacer\" data-id=\"e3238b5\" data-element_type=\"widget\" data-widget_type=\"spacer.default\">\n\t\t\t\t<div class=\"elementor-widget-container\">\n\t\t\t\t\t\t\t<div class=\"elementor-spacer\">\n\t\t\t<div class=\"elementor-spacer-inner\"><\/div>\n\t\t<\/div>\n\t\t\t\t\t\t<\/div>\n\t\t\t\t<\/div>\n\t\t\t\t\t<\/div>\n\t\t\t\t<\/div>\n\t\t<div class=\"elementor-element elementor-element-6adeb9c e-flex e-con-boxed e-con e-parent\" data-id=\"6adeb9c\" data-element_type=\"container\">\n\t\t\t\t\t<div class=\"e-con-inner\">\n\t\t\t\t<div class=\"elementor-element elementor-element-ff058ed elementor-widget elementor-widget-text-editor\" data-id=\"ff058ed\" data-element_type=\"widget\" data-widget_type=\"text-editor.default\">\n\t\t\t\t<div class=\"elementor-widget-container\">\n\t\t\t\t\t\t\t\t\t<p><a href=\"https:\/\/www.ruthrighetti.ch\/cms\/wp-content\/uploads\/2025\/02\/recollect-kunsthaus-zuerich.pdf\">recollect! kunsthaus z\u00fcrich<\/a><\/p>\t\t\t\t\t\t\t\t<\/div>\n\t\t\t\t<\/div>\n\t\t<div class=\"elementor-element elementor-element-3b00c67 e-con-full e-flex e-con e-child\" data-id=\"3b00c67\" data-element_type=\"container\">\n\t\t\t\t<div class=\"elementor-element elementor-element-5205cb0 elementor-widget elementor-widget-video\" data-id=\"5205cb0\" data-element_type=\"widget\" data-settings=\"{&quot;youtube_url&quot;:&quot;https:\\\/\\\/youtu.be\\\/dILaNEtJwXE&quot;,&quot;video_type&quot;:&quot;youtube&quot;,&quot;controls&quot;:&quot;yes&quot;}\" data-widget_type=\"video.default\">\n\t\t\t\t<div class=\"elementor-widget-container\">\n\t\t\t\t\t\t\t<div class=\"elementor-wrapper elementor-open-inline\">\n\t\t\t<div class=\"elementor-video\"><\/div>\t\t<\/div>\n\t\t\t\t\t\t<\/div>\n\t\t\t\t<\/div>\n\t\t\t\t<\/div>\n\t\t\t\t<div class=\"elementor-element elementor-element-c3899a4 elementor-widget elementor-widget-text-editor\" data-id=\"c3899a4\" data-element_type=\"widget\" data-widget_type=\"text-editor.default\">\n\t\t\t\t<div class=\"elementor-widget-container\">\n\t\t\t\t\t\t\t\t\t<p>presse, publikationen:<\/p>\t\t\t\t\t\t\t\t<\/div>\n\t\t\t\t<\/div>\n\t\t\t\t<div class=\"elementor-element elementor-element-192d651 elementor-widget elementor-widget-text-editor\" data-id=\"192d651\" data-element_type=\"widget\" data-widget_type=\"text-editor.default\">\n\t\t\t\t<div class=\"elementor-widget-container\">\n\t\t\t\t\t\t\t\t\t<p><a href=\"https:\/\/visarte.ch\/de\/publikationen\/schweizer-kunst\/\" target=\"_blank\" rel=\"noopener\">schweizer kunst, grenzen der kunst,<\/a> jg. 126, ausgabe, visarte, 2024<\/p>\t\t\t\t\t\t\t\t<\/div>\n\t\t\t\t<\/div>\n\t\t\t\t<div class=\"elementor-element elementor-element-39a7d15 elementor-widget elementor-widget-text-editor\" data-id=\"39a7d15\" data-element_type=\"widget\" data-widget_type=\"text-editor.default\">\n\t\t\t\t<div class=\"elementor-widget-container\">\n\t\t\t\t\t\t\t\t\t<p><a href=\"https:\/\/www.ruthrighetti.ch\/cms\/wp-content\/uploads\/2025\/02\/publikation_bruecken-bauen.pdf\" target=\"_blank\" rel=\"noopener\">br\u00fccken bauen<\/a> brosch\u00fcre: gruppenausstellung SGBK, kuratorinnen: ursula meier und dominique von burg,\u00a0 2024<\/p>\t\t\t\t\t\t\t\t<\/div>\n\t\t\t\t<\/div>\n\t\t\t\t<div class=\"elementor-element elementor-element-218f6c8 elementor-widget elementor-widget-text-editor\" data-id=\"218f6c8\" data-element_type=\"widget\" data-widget_type=\"text-editor.default\">\n\t\t\t\t<div class=\"elementor-widget-container\">\n\t\t\t\t\t\t\t\t\t<p><a href=\"https:\/\/artemisia.blog\/2024\/09\/18\/ueberraschender-erfolg-fuer-zwinglis-zahlen\/\" target=\"_blank\" rel=\"noopener\">\u00fcberraschender erfolg f\u00fcr hulda zwinglis zahlen<\/a>, nina schedlmayer, artemisia blog, 2024<\/p>\t\t\t\t\t\t\t\t<\/div>\n\t\t\t\t<\/div>\n\t\t\t\t<div class=\"elementor-element elementor-element-92ecdd8 elementor-widget elementor-widget-text-editor\" data-id=\"92ecdd8\" data-element_type=\"widget\" data-widget_type=\"text-editor.default\">\n\t\t\t\t<div class=\"elementor-widget-container\">\n\t\t\t\t\t\t\t\t\t<p><a href=\"https:\/\/www.ensuite.ch\/die-schweiz-auf-dem-weg-zur-gleichstellung-the-next-200-years\/\" target=\"_blank\" rel=\"noopener\">die schweiz auf dem weg zur gleichstellung<\/a>, regula st\u00e4mpfli, ensuite, zeitschrift zu kultur &amp; kunst, m\u00e4rz 2023<\/p>\t\t\t\t\t\t\t\t<\/div>\n\t\t\t\t<\/div>\n\t\t\t\t<div class=\"elementor-element elementor-element-6e8211e elementor-widget elementor-widget-text-editor\" data-id=\"6e8211e\" data-element_type=\"widget\" data-widget_type=\"text-editor.default\">\n\t\t\t\t<div class=\"elementor-widget-container\">\n\t\t\t\t\t\t\t\t\t<p><a href=\"https:\/\/www.ensuite.ch\/anekdoten-des-schicksals-in-bern-hulda-zwingli-in-zuerich\/\">anekdoten des schicksals in bern\u00a0 &amp; hulda zwingli in z\u00fcrich,<\/a> regula st\u00e4mpfli, ensuite, zeitschrift zu kultur &amp; kunst, okt. 2023<\/p>\t\t\t\t\t\t\t\t<\/div>\n\t\t\t\t<\/div>\n\t\t\t\t<div class=\"elementor-element elementor-element-917a6a0 elementor-widget elementor-widget-text-editor\" data-id=\"917a6a0\" data-element_type=\"widget\" data-widget_type=\"text-editor.default\">\n\t\t\t\t<div class=\"elementor-widget-container\">\n\t\t\t\t\t\t\t\t\t<p><a href=\"https:\/\/sgbk-kunst-im-bundeshaus.ch\/wp-content\/uploads\/2022\/01\/220107_SGBK_BH_Katalog_web.pdf\">\u00abfrauen im <\/a><a href=\"https:\/\/sgbk-kunst-im-bundeshaus.ch\/wp-content\/uploads\/2022\/01\/220107_SGBK_BH_Katalog_web.pdf\">bundeshaus\u00bb, SGBK kunstprojekt,<\/a> 2021, katalog, ISBN: 978-3-033-08935-8<\/p>\t\t\t\t\t\t\t\t<\/div>\n\t\t\t\t<\/div>\n\t\t\t\t<div class=\"elementor-element elementor-element-ae3c62b elementor-widget elementor-widget-text-editor\" data-id=\"ae3c62b\" data-element_type=\"widget\" data-widget_type=\"text-editor.default\">\n\t\t\t\t<div class=\"elementor-widget-container\">\n\t\t\t\t\t\t\t\t\t<div class=\"widget-wrapper widget-element free-text diy-resizable \"><div id=\"widget-id-11343368\" class=\"widget-body \"><div class=\"freetextarea\"><div><p>update: \u00abdie andere sicht auf das z\u00fcrcher sechsel\u00e4uten<br \/><a href=\"https:\/\/www.zurichstories.org\/annika-abplanalp-zuenftig-zurueckgeblieben\/index.html\" data-cke-saved-href=\"https:\/\/www.zurichstories.org\/annika-abplanalp-zuenftig-zurueckgeblieben\/index.html\">\u00abz\u00fcrich z\u00fcnftig zur\u00fcckgeblieben\u00bb<\/a><br \/>von annika abplanalp, seminar <em>codex manesse\u00a0<\/em>(prof. dr. hildegard keller, 2020) universit\u00e4t z\u00fcrich<br \/>mit einer stellungsnahme von ruth righetti, 2020<\/p><p>publikation: \u00abdie andere sicht auf das z\u00fcrcher sechsel\u00e4uten. m\u00e4nner, frauen, macht, geschichte\u00bb<br \/>ruth righetti, c.f.portmann verlag 2007, ISBN 978-3-9523107-1<br \/><a href=\"https:\/\/cfportmann.ch\/produkt\/ruth-righetti-die-andere-sicht-auf-das-zuercher-sechselaeuten\/\">radiosendung drs1\u00a0swisstipp<\/a><\/p><\/div><\/div><\/div><\/div>\t\t\t\t\t\t\t\t<\/div>\n\t\t\t\t<\/div>\n\t\t\t\t<div class=\"elementor-element elementor-element-40d38ac elementor-widget elementor-widget-text-editor\" data-id=\"40d38ac\" data-element_type=\"widget\" data-widget_type=\"text-editor.default\">\n\t\t\t\t<div class=\"elementor-widget-container\">\n\t\t\t\t\t\t\t\t\t<p><a href=\"https:\/\/www.ruthrighetti.ch\/cms\/wp-content\/uploads\/2025\/01\/Landbote-23-03-2015-1.pdf\">landbote 23-03-2015<\/a><br \/>ausstellung <em>schifffahrtsmuseum w\u00fclflingen, archebarkeschiffundfloss<\/em><br \/>kuratiert von peter killer, oxyd kunstr\u00e4ume, 2015<\/p>\t\t\t\t\t\t\t\t<\/div>\n\t\t\t\t<\/div>\n\t\t\t\t<div class=\"elementor-element elementor-element-55099e6 elementor-widget elementor-widget-text-editor\" data-id=\"55099e6\" data-element_type=\"widget\" data-widget_type=\"text-editor.default\">\n\t\t\t\t<div class=\"elementor-widget-container\">\n\t\t\t\t\t\t\t\t\t<div class=\"widget-wrapper widget-element free-text diy-resizable \"><div id=\"widget-id-11343366\" class=\"widget-body \"><div class=\"freetextarea\"><div><p>balkon &amp; garten 51: es liegt was in der luft, berlin 2012<br \/>balkon &amp; garten 50: new\/neu\/nouveau, berlin 2012<br \/>balkon &amp; garten 49: stadt land fluss, berlin 2012<br \/>balkon &amp; garten 48: draussen, berlin 2012<br \/>balkon &amp; garten 47: november\/dezember, berlin 2011<br \/>balkon &amp; garten 46: apfel, berlin 2011<br \/>balkon &amp; garten 45: schauer, berlin 2011<br \/>balkon &amp; garten 44: wonne, berlin 2011<br \/>balkon &amp; garten 43: keimzeit, berlin 2011<br \/>balkon &amp; garten 42: land, berlin 2011<br \/>balkon &amp; garten 41: vorher &#8211; nachher, berlin 2010<br \/>balkon &amp; garten 40: expedition, berlin 2010<br \/>in kooperation mit dem ausstellungsprojekt \u00abzur nachahmung empfohlen!<br \/>expeditionen in \u00e4sthetik und nachhaltigkeit\u00bb<br \/>03.09. &#8211; 10.10.2010 uferhallen berlin-wedding<br \/>balkon\u00a0&amp; garten 39:\u00a0zimmerpflanze, berlin 2010<br \/>die gartenzeitschrift, beton + garten verlag berlin\u00a0<\/p><\/div><\/div><\/div><\/div>\t\t\t\t\t\t\t\t<\/div>\n\t\t\t\t<\/div>\n\t\t\t\t<div class=\"elementor-element elementor-element-be79c8e elementor-widget elementor-widget-image\" data-id=\"be79c8e\" data-element_type=\"widget\" data-widget_type=\"image.default\">\n\t\t\t\t<div class=\"elementor-widget-container\">\n\t\t\t\t\t\t\t\t\t\t\t\t\t\t\t<img decoding=\"async\" width=\"519\" height=\"28\" src=\"https:\/\/www.ruthrighetti.ch\/cms\/wp-content\/uploads\/2024\/10\/1630162-37822_236205.gif\" class=\"attachment-large size-large wp-image-258\" alt=\"\" \/>\t\t\t\t\t\t\t\t\t\t\t\t\t\t\t<\/div>\n\t\t\t\t<\/div>\n\t\t\t\t<div class=\"elementor-element elementor-element-13336db elementor-widget elementor-widget-text-editor\" data-id=\"13336db\" data-element_type=\"widget\" data-widget_type=\"text-editor.default\">\n\t\t\t\t<div class=\"elementor-widget-container\">\n\t\t\t\t\t\t\t\t\t<p>in meiner werkgruppe mit dem titel \u00abplay life\u00bb (leben spielen) arbeite ich mit gitterstrukturen an der k\u00fcnstlerischen umsetzung der geschlechterfrage unter dem aspekt der menschenrechte. diskriminierung von frauen existiert nach wie vor und von einer echten gleichstellung sind wir noch weit entfernt. heute wird ein diskurs dar\u00fcber gef\u00fchrt, ob die fehlende gleichstellung nicht eine verletzung der menschenrechte darstellt. schon mit meiner publikation \u00abdie andere sicht auf das z\u00fcrcher sechsel\u00e4uten. m\u00e4nner, frauen, macht, geschichte\u00bb habe ich mich in den letzten jahren bereits ausf\u00fchrlich mit der gender-thematik besch\u00e4ftigt.<\/p><p>im gegensatz dazu entstehen andere bildgruppen frei ohne fix vorgegebene absicht. ein paar farbflecken, linien, zeichen als umsetzung einer empfindung oder ausdruck eines gedankens bedeuten den beginn eines gem\u00e4ldes. sie bilden erste strukturen. es \u00f6ffnen sich r\u00e4ume, weiten. ich erlaube den formen in erscheinung zu treten. die weiteren schritte entwickeln sich als reaktionen auf das, was bereits da ist. die ausgestaltung von etwas vertrautem wie auch von fremdem oder k\u00fcnstlichem ist die wesentliche arbeit und leidenschaft, meist ein l\u00e4ngerer, aufmerksamer prozess, bis eine klarheit entsteht und schliesslich dem bild nichts mehr hinzuzuf\u00fcgen ist. viel zeit r\u00e4ume ich dem genauen hinschauen, nachdenken und entscheiden ein.<\/p>\t\t\t\t\t\t\t\t<\/div>\n\t\t\t\t<\/div>\n\t\t\t\t<div class=\"elementor-element elementor-element-919d6e6 elementor-widget elementor-widget-image\" data-id=\"919d6e6\" data-element_type=\"widget\" data-widget_type=\"image.default\">\n\t\t\t\t<div class=\"elementor-widget-container\">\n\t\t\t\t\t\t\t\t\t\t\t\t\t\t\t<img fetchpriority=\"high\" decoding=\"async\" width=\"400\" height=\"243\" src=\"https:\/\/www.ruthrighetti.ch\/cms\/wp-content\/uploads\/2024\/10\/1630163-a69df871974ebf0fffff834c7f000101.jpg\" class=\"attachment-large size-large wp-image-259\" alt=\"\" srcset=\"https:\/\/www.ruthrighetti.ch\/cms\/wp-content\/uploads\/2024\/10\/1630163-a69df871974ebf0fffff834c7f000101.jpg 400w, https:\/\/www.ruthrighetti.ch\/cms\/wp-content\/uploads\/2024\/10\/1630163-a69df871974ebf0fffff834c7f000101-300x182.jpg 300w\" sizes=\"(max-width: 400px) 100vw, 400px\" \/>\t\t\t\t\t\t\t\t\t\t\t\t\t\t\t<\/div>\n\t\t\t\t<\/div>\n\t\t\t\t<div class=\"elementor-element elementor-element-74beeb4 elementor-widget elementor-widget-text-editor\" data-id=\"74beeb4\" data-element_type=\"widget\" data-widget_type=\"text-editor.default\">\n\t\t\t\t<div class=\"elementor-widget-container\">\n\t\t\t\t\t\t\t\t\t<p>atelieransicht<\/p>\t\t\t\t\t\t\t\t<\/div>\n\t\t\t\t<\/div>\n\t\t\t\t\t<\/div>\n\t\t\t\t<\/div>\n\t\t\t\t<\/div>\n\t\t","protected":false},"excerpt":{"rendered":"<p>mehr&#8230; recollect! kunsthaus z\u00fcrich https:\/\/youtu.be\/dILaNEtJwXE presse, publikationen: schweizer kunst, grenzen der kunst, jg. 126, ausgabe, visarte, 2024 br\u00fccken bauen brosch\u00fcre: gruppenausstellung SGBK, kuratorinnen: ursula meier und dominique von burg,\u00a0 2024 \u00fcberraschender erfolg f\u00fcr hulda zwinglis zahlen, nina schedlmayer, artemisia blog, 2024 die schweiz auf dem weg zur gleichstellung, regula st\u00e4mpfli, ensuite, zeitschrift zu kultur &amp;&hellip;&nbsp;<a href=\"https:\/\/www.ruthrighetti.ch\/cms\/mehr\/\" class=\"\" rel=\"bookmark\">Weiterlesen &raquo;<span class=\"screen-reader-text\">mehr&#8230;<\/span><\/a><\/p>\n","protected":false},"author":1,"featured_media":0,"parent":0,"menu_order":0,"comment_status":"closed","ping_status":"closed","template":"page-templates\/template-pagebuilder-full-width.php","meta":{"neve_meta_sidebar":"","neve_meta_container":"","neve_meta_enable_content_width":"","neve_meta_content_width":0,"neve_meta_title_alignment":"","neve_meta_author_avatar":"","neve_post_elements_order":"","neve_meta_disable_header":"","neve_meta_disable_footer":"","neve_meta_disable_title":"","footnotes":""},"class_list":["post-255","page","type-page","status-publish","hentry"],"_links":{"self":[{"href":"https:\/\/www.ruthrighetti.ch\/cms\/wp-json\/wp\/v2\/pages\/255","targetHints":{"allow":["GET"]}}],"collection":[{"href":"https:\/\/www.ruthrighetti.ch\/cms\/wp-json\/wp\/v2\/pages"}],"about":[{"href":"https:\/\/www.ruthrighetti.ch\/cms\/wp-json\/wp\/v2\/types\/page"}],"author":[{"embeddable":true,"href":"https:\/\/www.ruthrighetti.ch\/cms\/wp-json\/wp\/v2\/users\/1"}],"replies":[{"embeddable":true,"href":"https:\/\/www.ruthrighetti.ch\/cms\/wp-json\/wp\/v2\/comments?post=255"}],"version-history":[{"count":211,"href":"https:\/\/www.ruthrighetti.ch\/cms\/wp-json\/wp\/v2\/pages\/255\/revisions"}],"predecessor-version":[{"id":929,"href":"https:\/\/www.ruthrighetti.ch\/cms\/wp-json\/wp\/v2\/pages\/255\/revisions\/929"}],"wp:attachment":[{"href":"https:\/\/www.ruthrighetti.ch\/cms\/wp-json\/wp\/v2\/media?parent=255"}],"curies":[{"name":"wp","href":"https:\/\/api.w.org\/{rel}","templated":true}]}}