{"id":246,"date":"2024-10-24T09:38:00","date_gmt":"2024-10-24T07:38:00","guid":{"rendered":"https:\/\/www.ruthrighetti.ch\/cms\/?page_id=246"},"modified":"2025-10-13T19:07:16","modified_gmt":"2025-10-13T17:07:16","slug":"ueber-mich","status":"publish","type":"page","link":"https:\/\/www.ruthrighetti.ch\/cms\/ueber-mich\/","title":{"rendered":"\u00fcber mich"},"content":{"rendered":"\t\t<div data-elementor-type=\"wp-page\" data-elementor-id=\"246\" class=\"elementor elementor-246\">\n\t\t\t\t<div class=\"elementor-element elementor-element-e714bb0 e-flex e-con-boxed e-con e-parent\" data-id=\"e714bb0\" data-element_type=\"container\">\n\t\t\t\t\t<div class=\"e-con-inner\">\n\t\t\t\t<div class=\"elementor-element elementor-element-e9dcf17 elementor-widget elementor-widget-spacer\" data-id=\"e9dcf17\" data-element_type=\"widget\" data-widget_type=\"spacer.default\">\n\t\t\t\t<div class=\"elementor-widget-container\">\n\t\t\t\t\t\t\t<div class=\"elementor-spacer\">\n\t\t\t<div class=\"elementor-spacer-inner\"><\/div>\n\t\t<\/div>\n\t\t\t\t\t\t<\/div>\n\t\t\t\t<\/div>\n\t\t\t\t<div class=\"elementor-element elementor-element-7484572 elementor-widget elementor-widget-heading\" data-id=\"7484572\" data-element_type=\"widget\" data-widget_type=\"heading.default\">\n\t\t\t\t<div class=\"elementor-widget-container\">\n\t\t\t\t\t<h2 class=\"elementor-heading-title elementor-size-default\">\u00fcber mich<\/h2>\t\t\t\t<\/div>\n\t\t\t\t<\/div>\n\t\t\t\t\t<\/div>\n\t\t\t\t<\/div>\n\t\t<div class=\"elementor-element elementor-element-753a5cc e-con-full e-flex e-con e-parent\" data-id=\"753a5cc\" data-element_type=\"container\">\n\t\t<div class=\"elementor-element elementor-element-6464a16 e-flex e-con-boxed e-con e-child\" data-id=\"6464a16\" data-element_type=\"container\">\n\t\t\t\t\t<div class=\"e-con-inner\">\n\t\t\t\t\t<\/div>\n\t\t\t\t<\/div>\n\t\t\t\t<div class=\"elementor-element elementor-element-585330a elementor-widget elementor-widget-text-editor\" data-id=\"585330a\" data-element_type=\"widget\" data-widget_type=\"text-editor.default\">\n\t\t\t\t<div class=\"elementor-widget-container\">\n\t\t\t\t\t\t\t\t\t<p>freischaffende k\u00fcnstlerin,<br \/>lebt und arbeitet in z\u00fcrich,\u00a0<br \/>fr\u00fcher hochbauzeichnerin und sozialarbeiterin FH<\/p><p>master of advanced studies (MAS) in cultural \/ gender studies, z\u00fcrcher hochschule der k\u00fcnste (ZHdK), 2007<br \/>master gender studies in art, media and design FH, hochschule f\u00fcr gestaltung und kunst (HGKZ), 2005<br \/>weiterbildungen an der ZHdK in malen, zeichnen und gestalten, 1985 \u2013 2009<br \/>u.a. bei rosina kuhn, thomas l\u00fcchinger und klaudia schifferle<\/p>\t\t\t\t\t\t\t\t<\/div>\n\t\t\t\t<\/div>\n\t\t\t\t<div class=\"elementor-element elementor-element-865386b elementor-widget elementor-widget-image\" data-id=\"865386b\" data-element_type=\"widget\" data-widget_type=\"image.default\">\n\t\t\t\t<div class=\"elementor-widget-container\">\n\t\t\t\t\t\t\t\t\t\t\t\t\t\t\t<img decoding=\"async\" width=\"519\" height=\"28\" src=\"https:\/\/www.ruthrighetti.ch\/cms\/wp-content\/uploads\/2024\/10\/1630153-19864_240501.gif\" class=\"attachment-large size-large wp-image-248\" alt=\"\" \/>\t\t\t\t\t\t\t\t\t\t\t\t\t\t\t<\/div>\n\t\t\t\t<\/div>\n\t\t\t\t<div class=\"elementor-element elementor-element-be9adbb elementor-widget elementor-widget-text-editor\" data-id=\"be9adbb\" data-element_type=\"widget\" data-widget_type=\"text-editor.default\">\n\t\t\t\t<div class=\"elementor-widget-container\">\n\t\t\t\t\t\t\t\t\t<div><div><div><div><div><div><div>\u00abeinsichten\u00bb, jahresausstellung 2025, visarte z\u00fcrich &amp; friends, kupper modern, 2025<br \/>\u00a0z\u00fcrich<em>\u00abanonyme zeichner\u00bb, <\/em>kunsthaus erfurt, d-99084 erfurt, 2025<br \/><em> \u00abanonyme zeichner\u00bb, <\/em>kunstraum kreuzberg\/bethanien, d-10997 berlin, 2024-2025<em><br \/>\u00abespace des refus\u00e9.e.x.s\u00bb,<\/em> kuratiert von felix st\u00f6ckle,<br \/>espace libre, biel, gruppe 2024-2025<em><br \/>\u00abARTistik &#8211; identit\u00e4ten in bewegung\u00bb, <\/em>kunstraum winterthur,<br \/>gruppe, SGBK, sektion z\u00fcrich, 2024<em><br \/>\u00abbr\u00fccken bauen\u00bb, <\/em>galerie kunstsammlung unterseen\/interlaken,<br \/>gruppe, SGBK, sektion bern\/romandie, 2024<em><br \/>\u00abReCollect!\u00bb <\/em>kunsthaus z\u00fcrich, kuratorin mirjam varadinis, gruppe, 2023-2024<br \/>www.kunsthaus.ch\/sammlung\/recollect\/<em><br \/>\u00abjubil\u00e4ums-ausstellung\u00bb, <\/em>atelier r6, steinen sz, gruppe, 2023<br \/><em>\u00abgleich?!\u00bb <\/em>hauptbahnhof z\u00fcrich, international women`s day,<br \/>wettbewerb, advance, 2023, www.strongerwhenequal.ch<\/div><p><em>\u00abbest of 2022\u00bb, <\/em>visarte, photobastei z\u00fcrich 2022 und <em>\u00abeinsichten\u00bb <\/em>2023<br \/><em>\u00abvom bundeshaus nach waldenburg\u00bb<\/em>, SGBK kunstprojekt<br \/>kulturraum waldenburg, 2022-2023<br \/><em>\u00abk\u00fcnstlerinnen zwischen vergangenheit, gegenwart und zukunft\u00bb<\/em><br \/>SGBK, sektion bern\/romandie, alte kirche h\u00e4rkingen, 2022<br \/>5. FATart art<em>fair<\/em>, women &amp; FLINTA\u00a0 in arts, kammgarn west, schaffhausen, 2022<br \/>jubil\u00e4um &#8211; 120 jahre SGBK, ausstellung im schloss leuk, gruppe, 2022<br \/><em>\u00abanonyme zeichner 2022\u00bb,<\/em> galerie im k\u00f6rnerpark, 12051 berlin-neuk\u00f6lln, 2022<br \/><em>\u00abspazio alle donne\u00bb, <\/em>museo casorella, locarno, gruppe, 2022<br \/><em>\u00abim moment zur ewigkeit\u00bb, <\/em>atelier r6, steinen sz, gruppe, 2022<br \/><em>\u00abrisiko mit gesicht\u00bb,<\/em> partizipatives kunstprojekt von manuela br\u00fcgger und diezukunftkuratieren<br \/>_artundweise, kunst- und denkraum, bern, gruppe, 2022<br \/>www.manuela-bruegger.ch,\u00a0www.diezukunftkuratieren.ch www.art-und-weise.org<br \/><em>\u00abbest of 2021\u00bb, <\/em>visarte, on curating projekt space z\u00fcrich, 2021<br \/><em>\u00abfrauenstimmen &#8211; stimmen frauen!\u00bb,<\/em> galerie des kunstvereins olten, gruppe, 2021<br \/><em>\u00abfrauen im bundeshaus\u00bb,<\/em> alliance f, bundeshaus bern, 2021<br \/>www.sgbk-kunst-im-bundeshaus.ch<br \/><em>\u00ab20<sup>th<\/sup> lessedra world art print annual &#8211; mini print\u00bb, <\/em>lessedra art gallery sofia, bulgaria, 2021<br \/>www.lessedra.com<br \/><em>\u00abminiatur\u00bb, <\/em>galerie archivarte, bern, gruppe, 2021, www.archivarte.ch<br \/><em>\u00abbest of visarte z\u00fcrich\u00bb, <\/em>haus eber z\u00fcrich, 2020<br \/><em>\u00ab19th lessedra world art print annual &#8211; mini print\u00bb<\/em>, lessedra art gallery sofia, bulgaria, 2020<br \/>3. FATart fair, women* in arts, kammgarn west, schaffhausen, 2020<br \/><em>\u00abvisarte z\u00fcrich zu gast in der BINZ3\u00bb<\/em>, stiftung binz39 z\u00fcrich, 2020<br \/>\u00abfrisch\u00bb, kabinett visarte z\u00fcrich, 2019<br \/>kunstfestival: <em>\u00abmit vorschlaghammer und pinzette\u00bb, <\/em>oxyd kunstr\u00e4ume winterthur, gruppe, 2019<br \/><em>\u00abfarbig\u00bb,<\/em> schl\u00f6sschen vorder-bleichenberg biberist, gruppe SGBK, sektion bern\/romandie 2019<br \/>www.schloesschen-biberist.ch<br \/><em>\u00abstranger to the self\u00bb,<\/em> kunst: szene z\u00fcrich 2018<br \/>gastort: F+F schule f\u00fcr kunst und design, www.kunstszenezuerich.ch<br \/><em>\u00abneustadt &#8211; lab\u00bb,<\/em> sch\u00fctzenmatte bern, 2018, www.neustadtbern.ch<br \/><em>\u00abanonyme zeichner 2018\u00bb,<\/em> galerie im k\u00f6rnerpark, berlin, 2018<br \/><em>\u00ab17th lessedra world art print annual\u00a0\u2013 mini print\u00bb,<\/em> lessedra art gallery sofia, bulgaria, 2018<br \/><em>\u00abpassage\u00bb,<\/em> seebad utoquai z\u00fcrich, gruppe, 2017<br \/>\u00ab<em>7th painting <\/em>&amp; <em>mixed media competition\u00bb, <\/em>lessedra art gallery\u00a0sofia, bulgaria, 2016<br \/>\u00ab<em>meilenweit<\/em>\u00bb<em>, <\/em>ortsmuseum meilen, gruppe SGBK sektion z\u00fcrich, 2016<br \/><em>\u00abkunstimfluss\u00bb,<\/em> jurierte ausstellung der kunstgesellschaft interlaken KGI, 2016<br \/><em>\u00ab1.5 kubikmeter &#8211; letztes mal\u00bb,<\/em> installation in der vitrine der SGBK<br \/>r\u00e4mistrasse\/kunsthaus z\u00fcrich, 2016<br \/><em>\u00abanonyme zeichner\u00bb,<\/em> stadt- und industriemuseum r\u00fcsselsheim am main, 2016<br \/><em>\u00ab6th painting &amp; mixed media competition\u00bb, <\/em>lessedra art gallery\u00a0sofia, bulgaria, 2015<br \/><em>\u00abdas kleine format #30\u00bb<\/em> villa meier-severini zollikon, 2015, www.daskleineformat.ch<br \/><em>\u00abanonyme zeichner 2015\u00bb,<\/em> kunstverein tiergarten | galerie nord berlin und galerie art Q13, roma und<br \/>galerie geyso 20, braunschweig, 2015<br \/><em>\u00absommerhoch\u00bb,<\/em> galerie part, claudine hohl, z\u00fcrich, gruppe, 2015<br \/>\u00ab<em>schifffahrtsmuseum w\u00fclflingen, archebarkeschiffundfloss\u00bb, <\/em>oxyd kunstr\u00e4ume winterthur, gruppe, 2015<br \/><em>\u00ab5th painting <\/em>&amp;<em> mixed media competition\u00bb, <\/em>lessedra art gallery\u00a0sofia, bulgaria, 2014<br \/><em>\u00abradius oxyd jubil\u00e4umsausstellung\u00bb,<\/em> oxyd kunstr\u00e4ume winterthur, gruppe,\u00a02014<br \/><em>\u00ab4th painting &amp; mixed media competition\u00bb, <\/em>lessedra art gallery\u00a0sofia, bulgaria, 2013<br \/><em>\u00abdas kleine format #28\u00bb,<\/em> villa meier-severini zollikon, 2013<br \/><em>\u00abanonyme zeichner 2013\u00bb,<\/em> kunstverein tiergarten | galerie nord \u2028berlin, 2013<br \/>\u00abanonyme zeichner\/leipzig selection\u00bb, delikatessenhaus e.v. leipzig, 2013<br \/><em>\u00abanonymous drawings\u00bb<\/em> at the temporary art centre in eindhoven, 2013<br \/><em>\u00ab12th lessedra world art print annual \u2013 mini print \u00bb, <\/em>lessedra art gallery sofia, bulgaria, 2013<br \/><em>\u00ab3th painting &amp; mixed media competition\u00bb<\/em>, lessedra art gallery\u00a0sofia, bulgaria, 2012<br \/><em>\u00abdas kleine format #27\u00bb,<\/em> villa meier-severini zollikon, 2012<br \/><em>\u00abspuren\u00bb,<\/em> kunstausstellung im seebad utoquai z\u00fcrich, gruppe, 2012<br \/><em>\u00abfrisch gestrichen\u00bb, <\/em>eine kunstausstellung der SGBK basel im artworks liestal, 2012<br \/><em>\u00ab\u00fcbermalerei\u00bb,<\/em> einzelausstellung in der klinik im park z\u00fcrich, 2011 <br \/><em>\u00abanonyme zeichner archiv\u00bb,<\/em> <em>bl\u00fctenweiss berlin<\/em> im sihlquai55 offspace visarte z\u00fcrich, 2011<br \/><em>\u00ababsatz &#8211; spitze\u00bb,<\/em> ein projekt der SGBK zum tag der frau, dock: aktuelle kunst aus basel<br \/>und solidarit\u00e4tsauktion f\u00fcr das basler stadttheater, 2011<br \/><em>\u00abliebes zeichen\u00bb,<\/em> gruppenausstellung, galerie oxyd werkhalle winterthur, 2008<br \/><em>\u00abdas kleine format\u00bb,<\/em> villa meier-severini zollikon, 2000, 2004, 2006 und 2007<br \/><em>\u00abkunstszene z\u00fcrich\u00bb,<\/em> 2003 und 2007<br \/><em>\u00abb\u00f6\u00f6ggerei\u00bb,<\/em> masterarbeit NCGS-ausstellung HGKZ z\u00fcrich, foto\/mediale arbeit, 2005<br \/>ausstellung restaurank kulturlokal eglisau, 2003<br \/>einzelausstellung, foyer theater rigiblick z\u00fcrich, 1999<\/p><\/div><\/div><\/div><\/div><\/div><\/div>\t\t\t\t\t\t\t\t<\/div>\n\t\t\t\t<\/div>\n\t\t\t\t<div class=\"elementor-element elementor-element-38d6e9f elementor-widget elementor-widget-image\" data-id=\"38d6e9f\" data-element_type=\"widget\" data-widget_type=\"image.default\">\n\t\t\t\t<div class=\"elementor-widget-container\">\n\t\t\t\t\t\t\t\t\t\t\t\t\t\t\t<img decoding=\"async\" width=\"519\" height=\"28\" src=\"https:\/\/www.ruthrighetti.ch\/cms\/wp-content\/uploads\/2024\/10\/1630154-19864_243101.gif\" class=\"attachment-large size-large wp-image-249\" alt=\"\" \/>\t\t\t\t\t\t\t\t\t\t\t\t\t\t\t<\/div>\n\t\t\t\t<\/div>\n\t\t\t\t<div class=\"elementor-element elementor-element-0426378 elementor-widget elementor-widget-text-editor\" data-id=\"0426378\" data-element_type=\"widget\" data-widget_type=\"text-editor.default\">\n\t\t\t\t<div class=\"elementor-widget-container\">\n\t\t\t\t\t\t\t\t\t<p>leitung kunstgruppe rigiblick, kuratorische t\u00e4tigkeit im theater rigiblick z\u00fcrich<br \/>2000 &#8211; 2007<br \/>publikation: \u00abdie andere sicht auf das z\u00fcrcher sechsel\u00e4uten. m\u00e4nner, frauen, macht, geschichte\u00bb, c.f.portmann verlag 2007<br \/>www.cfportmann.ch<\/p><p>mitglied SGBK, berufsverband bildender k\u00fcnstlerinnen und visarte, visuelle kunst<br \/>mitglied pro litteris, copyright bilder \u00a9<\/p>\t\t\t\t\t\t\t\t<\/div>\n\t\t\t\t<\/div>\n\t\t\t\t<div class=\"elementor-element elementor-element-443213f elementor-widget elementor-widget-image\" data-id=\"443213f\" data-element_type=\"widget\" data-widget_type=\"image.default\">\n\t\t\t\t<div class=\"elementor-widget-container\">\n\t\t\t\t\t\t\t\t\t\t\t\t\t\t\t<img fetchpriority=\"high\" decoding=\"async\" width=\"400\" height=\"286\" src=\"https:\/\/www.ruthrighetti.ch\/cms\/wp-content\/uploads\/2024\/10\/1630155-d370d7434308224dffffbb11ffa86321.jpg\" class=\"attachment-large size-large wp-image-250\" alt=\"\" srcset=\"https:\/\/www.ruthrighetti.ch\/cms\/wp-content\/uploads\/2024\/10\/1630155-d370d7434308224dffffbb11ffa86321.jpg 400w, https:\/\/www.ruthrighetti.ch\/cms\/wp-content\/uploads\/2024\/10\/1630155-d370d7434308224dffffbb11ffa86321-300x215.jpg 300w\" sizes=\"(max-width: 400px) 100vw, 400px\" \/>\t\t\t\t\t\t\t\t\t\t\t\t\t\t\t<\/div>\n\t\t\t\t<\/div>\n\t\t\t\t<div class=\"elementor-element elementor-element-d802dcf elementor-widget elementor-widget-text-editor\" data-id=\"d802dcf\" data-element_type=\"widget\" data-widget_type=\"text-editor.default\">\n\t\t\t\t<div class=\"elementor-widget-container\">\n\t\t\t\t\t\t\t\t\t<p>spitzenzone 2011, monotypie auf postkarte<\/p>\t\t\t\t\t\t\t\t<\/div>\n\t\t\t\t<\/div>\n\t\t\t\t<\/div>\n\t\t\t\t<\/div>\n\t\t","protected":false},"excerpt":{"rendered":"<p>\u00fcber mich freischaffende k\u00fcnstlerin,lebt und arbeitet in z\u00fcrich,\u00a0fr\u00fcher hochbauzeichnerin und sozialarbeiterin FH master of advanced studies (MAS) in cultural \/ gender studies, z\u00fcrcher hochschule der k\u00fcnste (ZHdK), 2007master gender studies in art, media and design FH, hochschule f\u00fcr gestaltung und kunst (HGKZ), 2005weiterbildungen an der ZHdK in malen, zeichnen und gestalten, 1985 \u2013 2009u.a. bei&hellip;&nbsp;<a href=\"https:\/\/www.ruthrighetti.ch\/cms\/ueber-mich\/\" class=\"\" rel=\"bookmark\">Weiterlesen &raquo;<span class=\"screen-reader-text\">\u00fcber mich<\/span><\/a><\/p>\n","protected":false},"author":1,"featured_media":0,"parent":0,"menu_order":0,"comment_status":"closed","ping_status":"closed","template":"page-templates\/template-pagebuilder-full-width.php","meta":{"neve_meta_sidebar":"","neve_meta_container":"","neve_meta_enable_content_width":"","neve_meta_content_width":0,"neve_meta_title_alignment":"","neve_meta_author_avatar":"","neve_post_elements_order":"","neve_meta_disable_header":"","neve_meta_disable_footer":"","neve_meta_disable_title":"","footnotes":""},"class_list":["post-246","page","type-page","status-publish","hentry"],"_links":{"self":[{"href":"https:\/\/www.ruthrighetti.ch\/cms\/wp-json\/wp\/v2\/pages\/246","targetHints":{"allow":["GET"]}}],"collection":[{"href":"https:\/\/www.ruthrighetti.ch\/cms\/wp-json\/wp\/v2\/pages"}],"about":[{"href":"https:\/\/www.ruthrighetti.ch\/cms\/wp-json\/wp\/v2\/types\/page"}],"author":[{"embeddable":true,"href":"https:\/\/www.ruthrighetti.ch\/cms\/wp-json\/wp\/v2\/users\/1"}],"replies":[{"embeddable":true,"href":"https:\/\/www.ruthrighetti.ch\/cms\/wp-json\/wp\/v2\/comments?post=246"}],"version-history":[{"count":73,"href":"https:\/\/www.ruthrighetti.ch\/cms\/wp-json\/wp\/v2\/pages\/246\/revisions"}],"predecessor-version":[{"id":1002,"href":"https:\/\/www.ruthrighetti.ch\/cms\/wp-json\/wp\/v2\/pages\/246\/revisions\/1002"}],"wp:attachment":[{"href":"https:\/\/www.ruthrighetti.ch\/cms\/wp-json\/wp\/v2\/media?parent=246"}],"curies":[{"name":"wp","href":"https:\/\/api.w.org\/{rel}","templated":true}]}}